{"id":2720,"date":"2017-09-29T11:42:14","date_gmt":"2017-09-29T11:42:14","guid":{"rendered":"http:\/\/premiumbymasifill.com\/?page_id=2720"},"modified":"2017-11-20T13:53:31","modified_gmt":"2017-11-20T13:53:31","slug":"blog","status":"publish","type":"page","link":"https:\/\/premiumbymasifill.com\/ca\/blog\/","title":{"rendered":"Blog"},"content":{"rendered":"<div class=\"wpb-content-wrapper\"><p>[vc_row css=&#8221;.vc_custom_1511185975712{margin-bottom: 40px !important;}&#8221;][vc_column]<div class=\"qodef-blog-list-holder qodef-boxes qodef-three-columns\">\n\t<ul class=\"qodef-blog-list\">\n\t<li class=\"qodef-blog-list-item clearfix\">\n\t<div class=\"qodef-blog-list-item-inner\">\n\t\t<div class=\"qodef-item-image\">\n\t\t\t<a href=\"https:\/\/premiumbymasifill.com\/ca\/otono-premium-homes-masifill\/\">\n\t\t\t\t<img loading=\"lazy\" decoding=\"async\" width=\"800\" height=\"600\" src=\"https:\/\/premiumbymasifill.com\/wp-content\/uploads\/2022\/11\/Oton\u0303o_premiumhomes_masifill-800x600.jpg\" class=\"attachment-grafik_qodef_landscape size-grafik_qodef_landscape wp-post-image\" alt=\"\" \/>\t\t\t\t\n\t\t\t<\/a>\n\t\t<\/div>\n\t\t<div class=\"qodef-item-text-holder\">\n\t\t\t<div class=\"qodef-item-info-section\">\n\t\t\t\t<div class=\"qodef-post-info-date\">\n\t\n\t\tde novembre\n\t\t<\/div><div class=\"qodef-post-info-author\">by <a class=\"qodef-post-info-author-link\" href=\"https:\/\/premiumbymasifill.com\/ca\/author\/editorpremium\/\">Editorpremium<span class=\"qodef-title-author-underline\"><\/span><\/a><\/div>\n\t\t\t<\/div>\n\t\t\t<h3 class=\"qodef-item-title\">\n\t\t\t\t<a href=\"https:\/\/premiumbymasifill.com\/ca\/otono-premium-homes-masifill\/\" >\n\t\t\t\t\tTardor a Premium Homes by MASIFILL\t\t\t\t<\/a>\n\t\t\t<\/h3>\n\t\t\t\t\t\t\t<p class=\"qodef-excerpt\">Ja estem de tardor a Premium Homes by MASIFILL, i volem aprofitar...<\/p>\n\t\t\t\t\t<\/div>\n\t<\/div>\t\n<\/li><li class=\"qodef-blog-list-item clearfix\">\n\t<div class=\"qodef-blog-list-item-inner\">\n\t\t<div class=\"qodef-item-image\">\n\t\t\t<a href=\"https:\/\/premiumbymasifill.com\/ca\/otono-premium-homes-masifill-2\/\">\n\t\t\t\t<img loading=\"lazy\" decoding=\"async\" width=\"800\" height=\"600\" src=\"https:\/\/premiumbymasifill.com\/wp-content\/uploads\/2022\/11\/Platas_Oton\u0303o_premiumhomes_masifill-800x600.jpg\" class=\"attachment-grafik_qodef_landscape size-grafik_qodef_landscape wp-post-image\" alt=\"\" \/>\t\t\t\t\n\t\t\t<\/a>\n\t\t<\/div>\n\t\t<div class=\"qodef-item-text-holder\">\n\t\t\t<div class=\"qodef-item-info-section\">\n\t\t\t\t<div class=\"qodef-post-info-date\">\n\t\n\t\tde novembre\n\t\t<\/div><div class=\"qodef-post-info-author\">by <a class=\"qodef-post-info-author-link\" href=\"https:\/\/premiumbymasifill.com\/ca\/author\/editorpremium\/\">Editorpremium<span class=\"qodef-title-author-underline\"><\/span><\/a><\/div>\n\t\t\t<\/div>\n\t\t\t<h3 class=\"qodef-item-title\">\n\t\t\t\t<a href=\"https:\/\/premiumbymasifill.com\/ca\/otono-premium-homes-masifill-2\/\" >\n\t\t\t\t\tPlantes de tardor per decorar la teva llar\t\t\t\t<\/a>\n\t\t\t<\/h3>\n\t\t\t\t\t\t\t<p class=\"qodef-excerpt\">Ara que ja tenim aqu\u00ed la tardor, us fem un petit recull de les plantes i flors...<\/p>\n\t\t\t\t\t<\/div>\n\t<\/div>\t\n<\/li><li class=\"qodef-blog-list-item clearfix\">\n\t<div class=\"qodef-blog-list-item-inner\">\n\t\t<div class=\"qodef-item-image\">\n\t\t\t<a href=\"https:\/\/premiumbymasifill.com\/ca\/la-venta-de-viviendas-de-lujo-se-dispara-un-27\/\">\n\t\t\t\t<img loading=\"lazy\" decoding=\"async\" width=\"800\" height=\"600\" src=\"https:\/\/premiumbymasifill.com\/wp-content\/uploads\/2018\/09\/luxury-art-deco-apartment-interior-800x600.jpg\" class=\"attachment-grafik_qodef_landscape size-grafik_qodef_landscape wp-post-image\" alt=\"\" \/>\t\t\t\t\n\t\t\t<\/a>\n\t\t<\/div>\n\t\t<div class=\"qodef-item-text-holder\">\n\t\t\t<div class=\"qodef-item-info-section\">\n\t\t\t\t<div class=\"qodef-post-info-date\">\n\t\n\t\tde setembre\n\t\t<\/div><div class=\"qodef-post-info-author\">by <a class=\"qodef-post-info-author-link\" href=\"https:\/\/premiumbymasifill.com\/ca\/author\/editorpremium\/\">Editorpremium<span class=\"qodef-title-author-underline\"><\/span><\/a><\/div>\n\t\t\t<\/div>\n\t\t\t<h3 class=\"qodef-item-title\">\n\t\t\t\t<a href=\"https:\/\/premiumbymasifill.com\/ca\/la-venta-de-viviendas-de-lujo-se-dispara-un-27\/\" >\n\t\t\t\t\tLa venda d&#8217;habitatges de luxe es dispara un 27%\t\t\t\t<\/a>\n\t\t\t<\/h3>\n\t\t\t\t\t\t\t<p class=\"qodef-excerpt\">Font: Expansi\u00f3n, 26 d&#039;agost 2018...<\/p>\n\t\t\t\t\t<\/div>\n\t<\/div>\t\n<\/li><li class=\"qodef-blog-list-item clearfix\">\n\t<div class=\"qodef-blog-list-item-inner\">\n\t\t<div class=\"qodef-item-image\">\n\t\t\t<a href=\"https:\/\/premiumbymasifill.com\/ca\/como-convertir-tu-terraza-en-un-espacio-chill-out\/\">\n\t\t\t\t<img loading=\"lazy\" decoding=\"async\" width=\"800\" height=\"600\" src=\"https:\/\/premiumbymasifill.com\/wp-content\/uploads\/2018\/09\/BLOG-800x600.png\" class=\"attachment-grafik_qodef_landscape size-grafik_qodef_landscape wp-post-image\" alt=\"\" \/>\t\t\t\t\n\t\t\t<\/a>\n\t\t<\/div>\n\t\t<div class=\"qodef-item-text-holder\">\n\t\t\t<div class=\"qodef-item-info-section\">\n\t\t\t\t<div class=\"qodef-post-info-date\">\n\t\n\t\tde juliol\n\t\t<\/div><div class=\"qodef-post-info-author\">by <a class=\"qodef-post-info-author-link\" href=\"https:\/\/premiumbymasifill.com\/ca\/author\/editorpremium\/\">Editorpremium<span class=\"qodef-title-author-underline\"><\/span><\/a><\/div>\n\t\t\t<\/div>\n\t\t\t<h3 class=\"qodef-item-title\">\n\t\t\t\t<a href=\"https:\/\/premiumbymasifill.com\/ca\/como-convertir-tu-terraza-en-un-espacio-chill-out\/\" >\n\t\t\t\t\tCom convertir la teva terrassa en un espai &#8216;Chill Out&#8217;\t\t\t\t<\/a>\n\t\t\t<\/h3>\n\t\t\t\t\t\t\t<p class=\"qodef-excerpt\">Vols que la terrassa del teu pis sigui l&#039;enveja dels teus ve\u00efns?...<\/p>\n\t\t\t\t\t<\/div>\n\t<\/div>\t\n<\/li><li class=\"qodef-blog-list-item clearfix\">\n\t<div class=\"qodef-blog-list-item-inner\">\n\t\t<div class=\"qodef-item-image\">\n\t\t\t<a href=\"https:\/\/premiumbymasifill.com\/ca\/reforma-y-ampliacion-de-vivienda-unifamiliar-aislada-en-castelldefels\/\">\n\t\t\t\t<img loading=\"lazy\" decoding=\"async\" width=\"353\" height=\"264\" src=\"https:\/\/premiumbymasifill.com\/wp-content\/uploads\/2018\/05\/2.jpg\" class=\"attachment-grafik_qodef_landscape size-grafik_qodef_landscape wp-post-image\" alt=\"\" srcset=\"https:\/\/premiumbymasifill.com\/wp-content\/uploads\/2018\/05\/2.jpg 353w, https:\/\/premiumbymasifill.com\/wp-content\/uploads\/2018\/05\/2-300x224.jpg 300w\" sizes=\"auto, (max-width: 353px) 100vw, 353px\" \/>\t\t\t\t\n\t\t\t<\/a>\n\t\t<\/div>\n\t\t<div class=\"qodef-item-text-holder\">\n\t\t\t<div class=\"qodef-item-info-section\">\n\t\t\t\t<div class=\"qodef-post-info-date\">\n\t\n\t\tde maig\n\t\t<\/div><div class=\"qodef-post-info-author\">by <a class=\"qodef-post-info-author-link\" href=\"https:\/\/premiumbymasifill.com\/ca\/author\/editorpremium\/\">Editorpremium<span class=\"qodef-title-author-underline\"><\/span><\/a><\/div>\n\t\t\t<\/div>\n\t\t\t<h3 class=\"qodef-item-title\">\n\t\t\t\t<a href=\"https:\/\/premiumbymasifill.com\/ca\/reforma-y-ampliacion-de-vivienda-unifamiliar-aislada-en-castelldefels\/\" >\n\t\t\t\t\tReforma i ampliaci\u00f3 d&#8217;habitatge unifamiliar a\u00efllat a Castelldefels\t\t\t\t<\/a>\n\t\t\t<\/h3>\n\t\t\t\t\t\t\t<p class=\"qodef-excerpt\">Albert Hueto\r\n\r\nProjecte i Direcci\u00f3 d&#039;Obres\r\n\r\nalberthueto@hotmail.com...<\/p>\n\t\t\t\t\t<\/div>\n\t<\/div>\t\n<\/li><li class=\"qodef-blog-list-item clearfix\">\n\t<div class=\"qodef-blog-list-item-inner\">\n\t\t<div class=\"qodef-item-image\">\n\t\t\t<a href=\"https:\/\/premiumbymasifill.com\/ca\/premium-homes-llega-a-un-acuerdo-de-colaboracion-con-el-grupo-od\/\">\n\t\t\t\t<img loading=\"lazy\" decoding=\"async\" width=\"800\" height=\"600\" src=\"https:\/\/premiumbymasifill.com\/wp-content\/uploads\/2018\/04\/PORTADA-HABITATGE-SARRIA-1-1-800x600.jpg\" class=\"attachment-grafik_qodef_landscape size-grafik_qodef_landscape wp-post-image\" alt=\"\" \/>\t\t\t\t\n\t\t\t<\/a>\n\t\t<\/div>\n\t\t<div class=\"qodef-item-text-holder\">\n\t\t\t<div class=\"qodef-item-info-section\">\n\t\t\t\t<div class=\"qodef-post-info-date\">\n\t\n\t\td\u2019abril\n\t\t<\/div><div class=\"qodef-post-info-author\">by <a class=\"qodef-post-info-author-link\" href=\"https:\/\/premiumbymasifill.com\/ca\/author\/editorpremium\/\">Editorpremium<span class=\"qodef-title-author-underline\"><\/span><\/a><\/div>\n\t\t\t<\/div>\n\t\t\t<h3 class=\"qodef-item-title\">\n\t\t\t\t<a href=\"https:\/\/premiumbymasifill.com\/ca\/premium-homes-llega-a-un-acuerdo-de-colaboracion-con-el-grupo-od\/\" >\n\t\t\t\t\tPremium Homes by MASIFILL arriba a un acord de col\u00b7laboraci\u00f3 amb el Grup OD\t\t\t\t<\/a>\n\t\t\t<\/h3>\n\t\t\t\t\t\t\t<p class=\"qodef-excerpt\">per a la comercialitzaci\u00f3 de les seves exclusives propietats de luxe a Eivissa i Mallora. La revista Habitatge ens dedi...<\/p>\n\t\t\t\t\t<\/div>\n\t<\/div>\t\n<\/li><li class=\"qodef-blog-list-item clearfix\">\n\t<div class=\"qodef-blog-list-item-inner\">\n\t\t<div class=\"qodef-item-image\">\n\t\t\t<a href=\"https:\/\/premiumbymasifill.com\/ca\/decorar-tu-casa-segun-principios-feng-shui\/\">\n\t\t\t\t<img loading=\"lazy\" decoding=\"async\" width=\"800\" height=\"600\" src=\"https:\/\/premiumbymasifill.com\/wp-content\/uploads\/2018\/03\/BLOG-1.jpg\" class=\"attachment-grafik_qodef_landscape size-grafik_qodef_landscape wp-post-image\" alt=\"\" srcset=\"https:\/\/premiumbymasifill.com\/wp-content\/uploads\/2018\/03\/BLOG-1.jpg 800w, https:\/\/premiumbymasifill.com\/wp-content\/uploads\/2018\/03\/BLOG-1-300x225.jpg 300w, https:\/\/premiumbymasifill.com\/wp-content\/uploads\/2018\/03\/BLOG-1-768x576.jpg 768w\" sizes=\"auto, (max-width: 800px) 100vw, 800px\" \/>\t\t\t\t\n\t\t\t<\/a>\n\t\t<\/div>\n\t\t<div class=\"qodef-item-text-holder\">\n\t\t\t<div class=\"qodef-item-info-section\">\n\t\t\t\t<div class=\"qodef-post-info-date\">\n\t\n\t\tde mar\u00e7\n\t\t<\/div><div class=\"qodef-post-info-author\">by <a class=\"qodef-post-info-author-link\" href=\"https:\/\/premiumbymasifill.com\/ca\/author\/editorpremium\/\">Editorpremium<span class=\"qodef-title-author-underline\"><\/span><\/a><\/div>\n\t\t\t<\/div>\n\t\t\t<h3 class=\"qodef-item-title\">\n\t\t\t\t<a href=\"https:\/\/premiumbymasifill.com\/ca\/decorar-tu-casa-segun-principios-feng-shui\/\" >\n\t\t\t\t\tDecorar la teva casa segons els principis b\u00e0sics del Feng Shui\t\t\t\t<\/a>\n\t\t\t<\/h3>\n\t\t\t\t\t\t\t<p class=\"qodef-excerpt\">Decorar la teva casa seguint la tradici\u00f3 del Feng Shui podria fer que el teu estat d&#039;\u00e0nim millori i l&#039;energia positiva...<\/p>\n\t\t\t\t\t<\/div>\n\t<\/div>\t\n<\/li><li class=\"qodef-blog-list-item clearfix\">\n\t<div class=\"qodef-blog-list-item-inner\">\n\t\t<div class=\"qodef-item-image\">\n\t\t\t<a href=\"https:\/\/premiumbymasifill.com\/ca\/la-venta-de-viviendas-crece-el-11-en-un-ano-y-sus-precios-suben-el-44-2-2\/\">\n\t\t\t\t<img loading=\"lazy\" decoding=\"async\" width=\"800\" height=\"600\" src=\"https:\/\/premiumbymasifill.com\/wp-content\/uploads\/2018\/01\/BLOG.jpg\" class=\"attachment-grafik_qodef_landscape size-grafik_qodef_landscape wp-post-image\" alt=\"\" srcset=\"https:\/\/premiumbymasifill.com\/wp-content\/uploads\/2018\/01\/BLOG.jpg 800w, https:\/\/premiumbymasifill.com\/wp-content\/uploads\/2018\/01\/BLOG-300x225.jpg 300w, https:\/\/premiumbymasifill.com\/wp-content\/uploads\/2018\/01\/BLOG-768x576.jpg 768w\" sizes=\"auto, (max-width: 800px) 100vw, 800px\" \/>\t\t\t\t\n\t\t\t<\/a>\n\t\t<\/div>\n\t\t<div class=\"qodef-item-text-holder\">\n\t\t\t<div class=\"qodef-item-info-section\">\n\t\t\t\t<div class=\"qodef-post-info-date\">\n\t\n\t\tde gener\n\t\t<\/div><div class=\"qodef-post-info-author\">by <a class=\"qodef-post-info-author-link\" href=\"https:\/\/premiumbymasifill.com\/ca\/author\/editorpremium\/\">Editorpremium<span class=\"qodef-title-author-underline\"><\/span><\/a><\/div>\n\t\t\t<\/div>\n\t\t\t<h3 class=\"qodef-item-title\">\n\t\t\t\t<a href=\"https:\/\/premiumbymasifill.com\/ca\/la-venta-de-viviendas-crece-el-11-en-un-ano-y-sus-precios-suben-el-44-2-2\/\" >\n\t\t\t\t\tCinc claus per revaloritzar un habitatge en 2018\t\t\t\t<\/a>\n\t\t\t<\/h3>\n\t\t\t\t\t\t\t<p class=\"qodef-excerpt\">Les previsions de les diferents entitats banc\u00e0ries apunten que la compra d&#039;habitatge s&#039;incrementar\u00e0 en 2018 entre un 5...<\/p>\n\t\t\t\t\t<\/div>\n\t<\/div>\t\n<\/li><li class=\"qodef-blog-list-item clearfix\">\n\t<div class=\"qodef-blog-list-item-inner\">\n\t\t<div class=\"qodef-item-image\">\n\t\t\t<a href=\"https:\/\/premiumbymasifill.com\/ca\/la-venta-de-viviendas-crece-el-11-en-un-ano-y-sus-precios-suben-el-44-2-2-2\/\">\n\t\t\t\t<img loading=\"lazy\" decoding=\"async\" width=\"800\" height=\"600\" src=\"https:\/\/premiumbymasifill.com\/wp-content\/uploads\/2017\/12\/BLOG-800x600.jpg\" class=\"attachment-grafik_qodef_landscape size-grafik_qodef_landscape wp-post-image\" alt=\"\" \/>\t\t\t\t\n\t\t\t<\/a>\n\t\t<\/div>\n\t\t<div class=\"qodef-item-text-holder\">\n\t\t\t<div class=\"qodef-item-info-section\">\n\t\t\t\t<div class=\"qodef-post-info-date\">\n\t\n\t\tde desembre\n\t\t<\/div><div class=\"qodef-post-info-author\">by <a class=\"qodef-post-info-author-link\" href=\"https:\/\/premiumbymasifill.com\/ca\/author\/editorpremium\/\">Editorpremium<span class=\"qodef-title-author-underline\"><\/span><\/a><\/div>\n\t\t\t<\/div>\n\t\t\t<h3 class=\"qodef-item-title\">\n\t\t\t\t<a href=\"https:\/\/premiumbymasifill.com\/ca\/la-venta-de-viviendas-crece-el-11-en-un-ano-y-sus-precios-suben-el-44-2-2-2\/\" >\n\t\t\t\t\tEls problemes de posar un preu massa alt\t\t\t\t<\/a>\n\t\t\t<\/h3>\n\t\t\t\t\t\t\t<p class=\"qodef-excerpt\">En el moment de posar un habitatge a la venda, molts propietaris pensen que sempre s\u2019\u00e9s a temps de baixar el preu......<\/p>\n\t\t\t\t\t<\/div>\n\t<\/div>\t\n<\/li><li class=\"qodef-blog-list-item clearfix\">\n\t<div class=\"qodef-blog-list-item-inner\">\n\t\t<div class=\"qodef-item-image\">\n\t\t\t<a href=\"https:\/\/premiumbymasifill.com\/ca\/la-venta-de-viviendas-crece-el-11-en-un-ano-y-sus-precios-suben-el-44-2\/\">\n\t\t\t\t<img loading=\"lazy\" decoding=\"async\" width=\"800\" height=\"600\" src=\"https:\/\/premiumbymasifill.com\/wp-content\/uploads\/2017\/10\/masifill_85anys-800x600.jpg\" class=\"attachment-grafik_qodef_landscape size-grafik_qodef_landscape wp-post-image\" alt=\"\" \/>\t\t\t\t\n\t\t\t<\/a>\n\t\t<\/div>\n\t\t<div class=\"qodef-item-text-holder\">\n\t\t\t<div class=\"qodef-item-info-section\">\n\t\t\t\t<div class=\"qodef-post-info-date\">\n\t\n\t\tde novembre\n\t\t<\/div><div class=\"qodef-post-info-author\">by <a class=\"qodef-post-info-author-link\" href=\"https:\/\/premiumbymasifill.com\/ca\/author\/editorpremium\/\">Editorpremium<span class=\"qodef-title-author-underline\"><\/span><\/a><\/div>\n\t\t\t<\/div>\n\t\t\t<h3 class=\"qodef-item-title\">\n\t\t\t\t<a href=\"https:\/\/premiumbymasifill.com\/ca\/la-venta-de-viviendas-crece-el-11-en-un-ano-y-sus-precios-suben-el-44-2\/\" >\n\t\t\t\t\tEntrevista a Aureli Mas, Director General de Masifill Patrimonia\t\t\t\t<\/a>\n\t\t\t<\/h3>\n\t\t\t\t\t\t\t<p class=\"qodef-excerpt\">La Vanguardia. Especial Arquitectura i Construcci\u00f3 amb motiu de la celebraci\u00f3 de la 21\u00aa edici\u00f3 de Barcelona Meeting ...<\/p>\n\t\t\t\t\t<\/div>\n\t<\/div>\t\n<\/li><li class=\"qodef-blog-list-item clearfix\">\n\t<div class=\"qodef-blog-list-item-inner\">\n\t\t<div class=\"qodef-item-image\">\n\t\t\t<a href=\"https:\/\/premiumbymasifill.com\/ca\/la-venta-de-viviendas-crece-el-11-en-un-ano-y-sus-precios-suben-el-44\/\">\n\t\t\t\t<img loading=\"lazy\" decoding=\"async\" width=\"800\" height=\"600\" src=\"https:\/\/premiumbymasifill.com\/wp-content\/uploads\/2017\/10\/PremiumHomes_Compraventa-800x600.jpg\" class=\"attachment-grafik_qodef_landscape size-grafik_qodef_landscape wp-post-image\" alt=\"\" \/>\t\t\t\t\n\t\t\t<\/a>\n\t\t<\/div>\n\t\t<div class=\"qodef-item-text-holder\">\n\t\t\t<div class=\"qodef-item-info-section\">\n\t\t\t\t<div class=\"qodef-post-info-date\">\n\t\n\t\td\u2019octubre\n\t\t<\/div><div class=\"qodef-post-info-author\">by <a class=\"qodef-post-info-author-link\" href=\"https:\/\/premiumbymasifill.com\/ca\/author\/admin\/\">admin<span class=\"qodef-title-author-underline\"><\/span><\/a><\/div>\n\t\t\t<\/div>\n\t\t\t<h3 class=\"qodef-item-title\">\n\t\t\t\t<a href=\"https:\/\/premiumbymasifill.com\/ca\/la-venta-de-viviendas-crece-el-11-en-un-ano-y-sus-precios-suben-el-44\/\" >\n\t\t\t\t\tLa venda d&#8217;habitatges creix el 11% en un any i els seus preus pugen el 4,4%\t\t\t\t<\/a>\n\t\t\t<\/h3>\n\t\t\t\t\t\t\t<p class=\"qodef-excerpt\">El Peri\u00f3dico. Secci\u00f3 Economia 2017.08.29 Font: Registre de la propietat &nbsp; Segons les dades de l&#8217;Estad\u00edstic...<\/p>\n\t\t\t\t\t<\/div>\n\t<\/div>\t\n<\/li><li class=\"qodef-blog-list-item clearfix\">\n\t<div class=\"qodef-blog-list-item-inner\">\n\t\t<div class=\"qodef-item-image\">\n\t\t\t<a href=\"https:\/\/premiumbymasifill.com\/ca\/designing-a-better-home-workspace-2-2-2-2\/\">\n\t\t\t\t<img loading=\"lazy\" decoding=\"async\" width=\"800\" height=\"600\" src=\"https:\/\/premiumbymasifill.com\/wp-content\/uploads\/2017\/10\/DSC_13451-800x600.jpg\" class=\"attachment-grafik_qodef_landscape size-grafik_qodef_landscape wp-post-image\" alt=\"\" \/>\t\t\t\t\n\t\t\t<\/a>\n\t\t<\/div>\n\t\t<div class=\"qodef-item-text-holder\">\n\t\t\t<div class=\"qodef-item-info-section\">\n\t\t\t\t<div class=\"qodef-post-info-date\">\n\t\n\t\td\u2019octubre\n\t\t<\/div><div class=\"qodef-post-info-author\">by <a class=\"qodef-post-info-author-link\" href=\"https:\/\/premiumbymasifill.com\/ca\/author\/admin\/\">admin<span class=\"qodef-title-author-underline\"><\/span><\/a><\/div>\n\t\t\t<\/div>\n\t\t\t<h3 class=\"qodef-item-title\">\n\t\t\t\t<a href=\"https:\/\/premiumbymasifill.com\/ca\/designing-a-better-home-workspace-2-2-2-2\/\" >\n\t\t\t\t\tMASIFILL ha signat un acord de patrocini amb MATCHGOLF.\t\t\t\t<\/a>\n\t\t\t<\/h3>\n\t\t\t\t\t\t\t<p class=\"qodef-excerpt\">MATCHGOLF \u00e9s una empresa organitzadora d\u2019esdeveniments esportius que ofereix als afeccionats al golf la possibilitat ...<\/p>\n\t\t\t\t\t<\/div>\n\t<\/div>\t\n<\/li><li class=\"qodef-blog-list-item clearfix\">\n\t<div class=\"qodef-blog-list-item-inner\">\n\t\t<div class=\"qodef-item-image\">\n\t\t\t<a href=\"https:\/\/premiumbymasifill.com\/ca\/designing-a-better-home-workspace-2-2-2-2-2\/\">\n\t\t\t\t<img loading=\"lazy\" decoding=\"async\" width=\"800\" height=\"600\" src=\"https:\/\/premiumbymasifill.com\/wp-content\/uploads\/2017\/02\/PremiumHomes_AdquirirVivienda-800x600.jpg\" class=\"attachment-grafik_qodef_landscape size-grafik_qodef_landscape wp-post-image\" alt=\"\" \/>\t\t\t\t\n\t\t\t<\/a>\n\t\t<\/div>\n\t\t<div class=\"qodef-item-text-holder\">\n\t\t\t<div class=\"qodef-item-info-section\">\n\t\t\t\t<div class=\"qodef-post-info-date\">\n\t\n\t\td\u2019octubre\n\t\t<\/div><div class=\"qodef-post-info-author\">by <a class=\"qodef-post-info-author-link\" href=\"https:\/\/premiumbymasifill.com\/ca\/author\/admin\/\">admin<span class=\"qodef-title-author-underline\"><\/span><\/a><\/div>\n\t\t\t<\/div>\n\t\t\t<h3 class=\"qodef-item-title\">\n\t\t\t\t<a href=\"https:\/\/premiumbymasifill.com\/ca\/designing-a-better-home-workspace-2-2-2-2-2\/\" >\n\t\t\t\t\tCom adquirir un habitatge estalviant temps i diners?\t\t\t\t<\/a>\n\t\t\t<\/h3>\n\t\t\t\t\t\t\t<p class=\"qodef-excerpt\">En els \u00faltims anys ha irromput amb for\u00e7a la figura del Personal Shopper Immobiliari. Anys d&#8217;avantatge ens porten...<\/p>\n\t\t\t\t\t<\/div>\n\t<\/div>\t\n<\/li><li class=\"qodef-blog-list-item clearfix\">\n\t<div class=\"qodef-blog-list-item-inner\">\n\t\t<div class=\"qodef-item-image\">\n\t\t\t<a href=\"https:\/\/premiumbymasifill.com\/ca\/designing-a-better-home-workspace-2-2\/\">\n\t\t\t\t<img loading=\"lazy\" decoding=\"async\" width=\"800\" height=\"600\" src=\"https:\/\/premiumbymasifill.com\/wp-content\/uploads\/2017\/09\/PremiumHomes_orden-800x600.jpg\" class=\"attachment-grafik_qodef_landscape size-grafik_qodef_landscape wp-post-image\" alt=\"\" \/>\t\t\t\t\n\t\t\t<\/a>\n\t\t<\/div>\n\t\t<div class=\"qodef-item-text-holder\">\n\t\t\t<div class=\"qodef-item-info-section\">\n\t\t\t\t<div class=\"qodef-post-info-date\">\n\t\n\t\tde setembre\n\t\t<\/div><div class=\"qodef-post-info-author\">by <a class=\"qodef-post-info-author-link\" href=\"https:\/\/premiumbymasifill.com\/ca\/author\/admin\/\">admin<span class=\"qodef-title-author-underline\"><\/span><\/a><\/div>\n\t\t\t<\/div>\n\t\t\t<h3 class=\"qodef-item-title\">\n\t\t\t\t<a href=\"https:\/\/premiumbymasifill.com\/ca\/designing-a-better-home-workspace-2-2\/\" >\n\t\t\t\t\tOrganitzadors Professionals. El valor de l&#8217;ordre i l&#8217;organitzaci\u00f3\t\t\t\t<\/a>\n\t\t\t<\/h3>\n\t\t\t\t\t\t\t<p class=\"qodef-excerpt\">ESPAIS by Anna Balagu\u00e9 &amp; Llu\u00efsa Esp\u00edn. &nbsp; El temps \u00e9s el valor m\u00e9s preuat en els nostres dies i \u00e9s del que...<\/p>\n\t\t\t\t\t<\/div>\n\t<\/div>\t\n<\/li><li class=\"qodef-blog-list-item clearfix\">\n\t<div class=\"qodef-blog-list-item-inner\">\n\t\t<div class=\"qodef-item-image\">\n\t\t\t<a href=\"https:\/\/premiumbymasifill.com\/ca\/designing-a-better-home-workspace-2\/\">\n\t\t\t\t<img loading=\"lazy\" decoding=\"async\" width=\"800\" height=\"600\" src=\"https:\/\/premiumbymasifill.com\/wp-content\/uploads\/2017\/09\/PremiumHomes_ordenacionfiscal-800x600.jpg\" class=\"attachment-grafik_qodef_landscape size-grafik_qodef_landscape wp-post-image\" alt=\"\" \/>\t\t\t\t\n\t\t\t<\/a>\n\t\t<\/div>\n\t\t<div class=\"qodef-item-text-holder\">\n\t\t\t<div class=\"qodef-item-info-section\">\n\t\t\t\t<div class=\"qodef-post-info-date\">\n\t\n\t\tde setembre\n\t\t<\/div><div class=\"qodef-post-info-author\">by <a class=\"qodef-post-info-author-link\" href=\"https:\/\/premiumbymasifill.com\/ca\/author\/admin\/\">admin<span class=\"qodef-title-author-underline\"><\/span><\/a><\/div>\n\t\t\t<\/div>\n\t\t\t<h3 class=\"qodef-item-title\">\n\t\t\t\t<a href=\"https:\/\/premiumbymasifill.com\/ca\/designing-a-better-home-workspace-2\/\" >\n\t\t\t\t\tAspectes clau a tenir en compte per a la correcta optimitzaci\u00f3 fiscal a les transmissions d&#8217;immobles.\t\t\t\t<\/a>\n\t\t\t<\/h3>\n\t\t\t\t\t\t\t<p class=\"qodef-excerpt\">Per Xavier Jov\u00e9, PATRIMONIA advocats i economistes &nbsp; Una mateixa operaci\u00f3 de transmissi\u00f3 d&#8217;un immoble pot ...<\/p>\n\t\t\t\t\t<\/div>\n\t<\/div>\t\n<\/li>\t<\/ul>\t\n<\/div>\n[\/vc_column][\/vc_row]<\/p>\n<\/div>","protected":false},"excerpt":{"rendered":"<p>[vc_row css=&#8221;.vc_custom_1511185975712{margin-bottom: 40px !important;}&#8221;][vc_column][\/vc_column][\/vc_row]<\/p>\n","protected":false},"author":1,"featured_media":2636,"parent":0,"menu_order":0,"comment_status":"closed","ping_status":"open","template":"","meta":{"_acf_changed":false,"footnotes":"","_links_to":"","_links_to_target":""},"class_list":["post-2720","page","type-page","status-publish","has-post-thumbnail","hentry"],"acf":[],"aioseo_notices":[],"_links":{"self":[{"href":"https:\/\/premiumbymasifill.com\/ca\/wp-json\/wp\/v2\/pages\/2720","targetHints":{"allow":["GET"]}}],"collection":[{"href":"https:\/\/premiumbymasifill.com\/ca\/wp-json\/wp\/v2\/pages"}],"about":[{"href":"https:\/\/premiumbymasifill.com\/ca\/wp-json\/wp\/v2\/types\/page"}],"author":[{"embeddable":true,"href":"https:\/\/premiumbymasifill.com\/ca\/wp-json\/wp\/v2\/users\/1"}],"replies":[{"embeddable":true,"href":"https:\/\/premiumbymasifill.com\/ca\/wp-json\/wp\/v2\/comments?post=2720"}],"version-history":[{"count":22,"href":"https:\/\/premiumbymasifill.com\/ca\/wp-json\/wp\/v2\/pages\/2720\/revisions"}],"predecessor-version":[{"id":4726,"href":"https:\/\/premiumbymasifill.com\/ca\/wp-json\/wp\/v2\/pages\/2720\/revisions\/4726"}],"wp:featuredmedia":[{"embeddable":true,"href":"https:\/\/premiumbymasifill.com\/ca\/wp-json\/wp\/v2\/media\/2636"}],"wp:attachment":[{"href":"https:\/\/premiumbymasifill.com\/ca\/wp-json\/wp\/v2\/media?parent=2720"}],"curies":[{"name":"wp","href":"https:\/\/api.w.org\/{rel}","templated":true}]}}